{"id":127,"date":"2026-07-13T22:17:26","date_gmt":"2026-07-13T20:17:26","guid":{"rendered":"https:\/\/ilf.org.pl\/53\/?page_id=127"},"modified":"2026-08-12T07:05:16","modified_gmt":"2026-08-12T05:05:16","slug":"program-festiwalu-kalendarz-projekcji-i-wydarzen","status":"publish","type":"page","link":"https:\/\/ilf.org.pl\/53\/program-festiwalu-kalendarz-projekcji-i-wydarzen\/","title":{"rendered":"Program festiwalu \u2013 kalendarz projekcji i wydarze\u0144"},"content":{"rendered":"\n<div style=\"max-width: 700px; margin: 30px auto; padding: 14px 20px; background: #FFF8E7; border-left: 4px solid #C9A227; border-radius: 4px; text-align: center;\">\n    <strong style=\"color: #6B5A1F; font-size: 16px; letter-spacing: 0.3px;\">Organizatorzy zastrzegaj\u0105 sobie zmiany w programie<\/strong>\n<\/div>\n\n\n\n<div class=\"ilf-view-tabs\" role=\"tablist\" aria-label=\"Wyb\u00f3r widoku programu\">\n  <a href=\"https:\/\/ilf.org.pl\/53\/program-festiwalu-kalendarz-projekcji-i-wydarzen\/\" class=\"ilf-view-tab is-active\" role=\"tab\" aria-selected=\"true\">\n    <svg width=\"18\" height=\"18\" viewBox=\"0 0 24 24\" fill=\"none\" stroke=\"currentColor\" stroke-width=\"2\" stroke-linecap=\"round\"><line x1=\"8\" y1=\"6\" x2=\"21\" y2=\"6\"><\/line><line x1=\"8\" y1=\"12\" x2=\"21\" y2=\"12\"><\/line><line x1=\"8\" y1=\"18\" x2=\"21\" y2=\"18\"><\/line><line x1=\"3\" y1=\"6\" x2=\"3.01\" y2=\"6\"><\/line><line x1=\"3\" y1=\"12\" x2=\"3.01\" y2=\"12\"><\/line><line x1=\"3\" y1=\"18\" x2=\"3.01\" y2=\"18\"><\/line><\/svg>\n    Widok w formie listy\n  <\/a>\n  <a href=\"https:\/\/ilf.org.pl\/53\/program-festiwalu-timeline\/\" class=\"ilf-view-tab\" role=\"tab\" aria-selected=\"false\">\n    <svg width=\"18\" height=\"18\" viewBox=\"0 0 24 24\" fill=\"none\" stroke=\"currentColor\" stroke-width=\"2\" stroke-linecap=\"round\"><line x1=\"3\" y1=\"12\" x2=\"21\" y2=\"12\"><\/line><circle cx=\"7\" cy=\"12\" r=\"2\" fill=\"currentColor\" stroke=\"none\"><\/circle><circle cx=\"14\" cy=\"12\" r=\"2\" fill=\"currentColor\" stroke=\"none\"><\/circle><circle cx=\"19\" cy=\"12\" r=\"2\" fill=\"currentColor\" stroke=\"none\"><\/circle><\/svg>\n    Widok na osi czasu\n  <\/a>\n<\/div>\n\n<style>\n.ilf-view-tabs{display:flex;gap:4px;margin:0 0 2rem;border-bottom:2px solid #e6e2d8}\n.ilf-view-tab{flex:1;display:inline-flex;align-items:center;justify-content:center;gap:8px;padding:12px 16px;font-size:15px;font-weight:600;text-decoration:none;text-align:center;color:#6b6a63;background:#f4f2ec;border:1px solid #e6e2d8;border-bottom:none;border-radius:10px 10px 0 0;margin-bottom:-2px;transition:background .15s,color .15s}\n.ilf-view-tab:hover{background:#efece3;color:#2c2c2a;text-decoration:none}\n.ilf-view-tab.is-active{background:#fff;color:#1a1a1a;border-color:#f5a623 #e6e2d8 #fff;border-bottom:2px solid #fff;box-shadow:inset 0 3px 0 #f5a623}\n.ilf-view-tab svg{flex-shrink:0}\n@media (max-width:480px){.ilf-view-tab{padding:10px 8px;font-size:14px}}\n<\/style>\n\n\n\n<h2 class=\"wp-block-heading\"><strong>7 sierpnia (pi\u0105tek)<\/strong><\/h2>\n\n\n\n<p class=\"wp-block-paragraph\">18.30 \u2013 INAUGURACJA FESTIWALU: \u201e<a href=\"https:\/\/filmpolski.pl\/fp\/index.php?film=1274842\" data-type=\"link\" data-id=\"https:\/\/filmpolski.pl\/fp\/index.php?film=1274842\">Kandydaci \u015bmierci<\/a>\u201d . Projekcja filmu z udzia\u0142em re\u017cysera Macieja Cuske i bohater\u00f3w filmu (Kino Morena) (K). Po spotkaniu otwarcie wystawy Krzysztofa Gawronkiewicza \u201eDroga do I\u0144ska\u201d oraz impreza taneczna z DJ Miko\u0142ajem RejVem (Galeria O.Mega) (K)<\/p>\n\n\n\n<p class=\"wp-block-paragraph\">21.15 \u2013 Nowe kino polskie: \u201e<a href=\"https:\/\/filmpolski.pl\/fp\/index.php?film=1274842\" data-type=\"link\" data-id=\"https:\/\/filmpolski.pl\/fp\/index.php?film=1274842\">Kandydaci \u015bmierci<\/a>\u201d \u2013 (Kino Morena) (B) \u2013 95 min<\/p>\n\n\n\n<p class=\"wp-block-paragraph\">21.15 \u2013 Kino plenerowe: \u201e<a href=\"https:\/\/filmpolski.pl\/fp\/index.php?film=1268410\" data-type=\"link\" data-id=\"https:\/\/filmpolski.pl\/fp\/index.php?film=1268410\">Larp. Mi\u0142o\u015b\u0107, trolle i inne questy<\/a>\u201d \u2013 (Gospodarstwo Rybackie) (D) \u2013 90 min<\/p>\n\n\n\n<h2 class=\"wp-block-heading\"><strong>8 sierpnia (sobota)<\/strong><\/h2>\n\n\n\n<p class=\"wp-block-paragraph\">9.00 \u2013 Bajki dla dzieci: \u201e<a href=\"https:\/\/www.filmweb.pl\/film\/Ch%C5%82opiec+na+kra%C5%84cach+%C5%9Bwiata-2025-10095535\" data-type=\"link\" data-id=\"https:\/\/www.filmweb.pl\/film\/Ch%C5%82opiec+na+kra%C5%84cach+%C5%9Bwiata-2025-10095535\">Ch\u0142opiec na kra\u0144cach \u015bwiata<\/a>\u201d (Kino Morena) (D) \u2013 88 min<\/p>\n\n\n\n<p class=\"wp-block-paragraph\">11.00 \u2013 Bli\u017cej natury: \u201eTworzymy pomniki przyrody \u2013 spacer i spotkanie z arborystk\u0105 Aleksandr\u0105 Kruszewsk\u0105 \u2013 (start spod wie\u017cy widokowej) (W)<\/p>\n\n\n\n<p class=\"wp-block-paragraph\">11.00 \u2013 Pokaz przedpremierowy: \u201e<a href=\"https:\/\/www.filmweb.pl\/film\/Ocalenie-2026-10113262\" data-type=\"link\" data-id=\"https:\/\/www.filmweb.pl\/film\/Ocalenie-2026-10113262\">Ocalenie<\/a>\u201d (Kino Morena) (B) \u2013 120 min<\/p>\n\n\n\n<p class=\"wp-block-paragraph\">13.15 \u2013 Nowe kino polskie: \u201e<a href=\"https:\/\/filmpolski.pl\/fp\/index.php?film=1272356\" data-type=\"link\" data-id=\"https:\/\/filmpolski.pl\/fp\/index.php?film=1272356\">Droga rzadziej przemierzana<\/a>\u201d (Kino Morena) (B) \u2013 80 min<\/p>\n\n\n\n<p class=\"wp-block-paragraph\">13.15 \u2013 Ja\u015bmina Jasi\u0144ska + Marcin Tetrycz \u201e<a href=\"https:\/\/ilf.org.pl\/53\/jemy-i-wiejemy\/\" data-type=\"link\" data-id=\"https:\/\/ilf.org.pl\/53\/jemy-i-wiejemy\/\">Jemy i wiejemy!<\/a>\u201d. Otwarcie wystawy \u201eShadows of Sounds\u201d Rafa\u0142a Paw\u0142owskiego (Galeria O.Mega) (D)<\/p>\n\n\n\n<p class=\"wp-block-paragraph\">16.00 \u2013 Pokaz przedpremierowy: \u201e<a href=\"https:\/\/www.filmweb.pl\/film\/Ocalenie-2026-10113262\" data-type=\"link\" data-id=\"https:\/\/www.filmweb.pl\/film\/Ocalenie-2026-10113262\">Ocalenie<\/a>\u201d (Kino Morena) (B) \u2013 120 min<\/p>\n\n\n\n<p class=\"wp-block-paragraph\">16.00 \u2013 Sezon 2025\/2026: \u201e<a href=\"https:\/\/www.filmweb.pl\/film\/By%C4%87+kochan%C4%85-2024-10055263\" data-type=\"link\" data-id=\"https:\/\/www.filmweb.pl\/film\/By%C4%87+kochan%C4%85-2024-10055263\">By\u0107 kochan\u0105<\/a>\u201d (Jaskinia Zapomnianych Sn\u00f3w) (B) \u2013 101 min<\/p>\n\n\n\n<p class=\"wp-block-paragraph\">19.00 \u2013 Spotkanie z re\u017cyserk\u0105 filmu \u201eDroga rzadziej przemierzana\u201d Zuzann\u0105 Grabowsk\u0105 i aktorem Paw\u0142em Domaga\u0142\u0105 (Gospodarstwo Rybackie) (D)<\/p>\n\n\n\n<p class=\"wp-block-paragraph\">20.15 \u2013 Gy\u00f6rgy P\u00e1lfi \u2013 pokaz przedpremierowy: \u201e<a href=\"https:\/\/www.filmweb.pl\/film\/Kura-2025-10093851\" data-type=\"link\" data-id=\"https:\/\/www.filmweb.pl\/film\/Kura-2025-10093851\">Kura<\/a>\u201d (Kino Morena) (B) \u2013 78 min<\/p>\n\n\n\n<p class=\"wp-block-paragraph\">20.15 \u2013 Dokumenty \u015bwiata \u2013 obrazy wsp\u00f3\u0142czesno\u015bci: \u201e<a href=\"https:\/\/www.filmweb.pl\/film\/Mariinka-2026-10121011\" data-type=\"link\" data-id=\"https:\/\/www.filmweb.pl\/film\/Mariinka-2026-10121011\">Mariinka<\/a>\u201d (Jaskinia Zapomnianych Sn\u00f3w) (B) \u2013 93 min<\/p>\n\n\n\n<p class=\"wp-block-paragraph\">21.00 \u2013 Po napisach. Klub festiwalowy (Galeria O.Mega) (D) <\/p>\n\n\n\n<p class=\"wp-block-paragraph\">21.15 \u2013 Kino plenerowe: \u201e<a href=\"https:\/\/filmpolski.pl\/fp\/index.php?film=1272930\" data-type=\"link\" data-id=\"https:\/\/filmpolski.pl\/fp\/index.php?film=1272930\">Dalej jazda 2<\/a>\u201d \u2013 (Gospodarstwo Rybackie) (D) \u2013 103 min<\/p>\n\n\n\n<p class=\"wp-block-paragraph\">22.00 \u2013 <strong>Koncert \u2013 \u0143OKO<\/strong> (Kino Morena) (S)<\/p>\n\n\n\n<h2 class=\"wp-block-heading\"><strong>9 sierpnia (niedziela)<\/strong><\/h2>\n\n\n\n<p class=\"wp-block-paragraph\">9.00 \u2013 Bajki dla dzieci: \u201e<a href=\"https:\/\/www.filmweb.pl\/film\/Kr%C4%99cio%C5%82ek-2026-10112552\" data-type=\"link\" data-id=\"https:\/\/www.filmweb.pl\/film\/Kr%C4%99cio%C5%82ek-2026-10112552\">Kr\u0119cio\u0142ek<\/a>\u201d (Kino Morena) (D) \u2013 80 min<\/p>\n\n\n\n<p class=\"wp-block-paragraph\">11.00 \u2013 Pawe\u0142 Madejski \u2013 Spacer botaniczny po I\u0144sku (W)<\/p>\n\n\n\n<p class=\"wp-block-paragraph\">11.00 \u2013 Przegl\u0105d kina ira\u0144skiego: &#8222;<a href=\"\/53\/zapach-wiatru\/\" data-type=\"link\" data-id=\"\/53\/zapach-wiatru\/\">Zapach wiatru<\/a>&#8221; (Kino Morena) (B) \u2013 90 min<\/p>\n\n\n\n<p class=\"wp-block-paragraph\">13.00 \u2013 Kino w pi\u0119ciu smakach: \u201e<a href=\"https:\/\/www.filmweb.pl\/film\/Ja+jestem+pie%C5%9Bni%C4%85-2024-10066700\" data-type=\"link\" data-id=\"https:\/\/www.filmweb.pl\/film\/Ja+jestem+pie%C5%9Bni%C4%85-2024-10066700\">Ja, jestem pie\u015bni\u0105<\/a>\u201d (Kino Morena) (B) \u2013 112 min<\/p>\n\n\n\n<p class=\"wp-block-paragraph\">13.00 \u2013 KSI\u0118GARNIA W O.MEDZE: Spotkanie z Markiem Szyma\u0144skim, autorem ksi\u0105\u017cki &#8222;Samotno\u015b\u0107 Janosika. Biografia Marka Perepeczko&#8221;. Go\u015b\u0107 specjalny: Jerzy Fedorowicz (Galeria O.Mega) (D)<\/p>\n\n\n\n<p class=\"wp-block-paragraph\">16.00 \u2013 Nowe kino polskie: &#8222;Archiwum rodzinnego ko\u0144ca \u015bwiata&#8221; \u201e<a href=\"https:\/\/filmpolski.pl\/fp\/index.php?film=1271647\" data-type=\"link\" data-id=\"https:\/\/filmpolski.pl\/fp\/index.php?film=1271647\">Zapiski \u015bmiertelnika<\/a>\u201d<em> <\/em>(Kino Morena) (B) \u2013 93 min. <em>Po projekcji spotkanie z Jakubem Jakubikiem &#8211; re\u017cyserem filmu &#8222;Archiwum rodzinnego ko\u0144ca \u015bwiata&#8221;<\/em><\/p>\n\n\n\n<p class=\"wp-block-paragraph\">16.00 \u2013 Dokumenty \u015bwiata &#8211; obrazy wsp\u00f3\u0142czesno\u015bci: \u201e<a href=\"https:\/\/www.filmweb.pl\/film\/Ocean%2C+nasz+dom-2024-10081270\" data-type=\"link\" data-id=\"https:\/\/www.filmweb.pl\/film\/Ocean%2C+nasz+dom-2024-10081270\">Ocean, nasz dom<\/a>\u201d (Jaskinia Zapomnianych Sn\u00f3w) (B) \u2013 94 min<\/p>\n\n\n\n<p class=\"wp-block-paragraph\">19.15 \u2013 Przegl\u0105d kina ira\u0144skiego: &#8222;<a href=\"\/53\/zapach-wiatru\/\" data-type=\"link\" data-id=\"\/53\/zapach-wiatru\/\">Zapach wiatru<\/a>&#8221; (Kino Morena) (B) \u2013 90 min<\/p>\n\n\n\n<p class=\"wp-block-paragraph\">19.15 \u2013 Gy\u00f6rgy P\u00e1lfi: &#8222;<a href=\"https:\/\/www.filmweb.pl\/film\/Swobodne+opadanie-2014-714015\" data-type=\"link\" data-id=\"https:\/\/www.filmweb.pl\/film\/Swobodne+opadanie-2014-714015\">Swobodne opadanie<\/a>&#8221; (Jaskinia Zapomnianych Sn\u00f3w) (B) \u2013 80 min<\/p>\n\n\n\n<p class=\"wp-block-paragraph\">21.00 \u2013 Po napisach. Klub festiwalowy (Galeria O.Mega) (D) <\/p>\n\n\n\n<p class=\"wp-block-paragraph\">21.15 \u2013 MONODRAM KASZUBSKI &#8211; Teatr Mimesis &#8211; &#8222;<a href=\"https:\/\/ilf.org.pl\/53\/naju-krewia\/\" data-type=\"link\" data-id=\"https:\/\/ilf.org.pl\/53\/naju-krewia\/\">Naju kr\u00ebwia<\/a>&#8221; &#8211; Wprowadzenie: Stasia Budzisz (&#8222;Welewetka. Jak znikaj\u0105 Kaszuby&#8221;) oraz Adam Hebel (Kino Morena) (S)<\/p>\n\n\n\n<h2 class=\"wp-block-heading\"><strong>10 sierpnia (poniedzia\u0142ek)<\/strong><\/h2>\n\n\n\n<p class=\"wp-block-paragraph\">09.00 \u2013 Bajki dla dzieci: \u201e<a href=\"https:\/\/www.filmweb.pl\/film\/P%C3%B3%C5%82noc-2025-10100400\" data-type=\"link\" data-id=\"https:\/\/www.filmweb.pl\/film\/P%C3%B3%C5%82noc-2025-10100400\">P\u00f3\u0142noc<\/a>\u201d (Kino Morena) (D) \u2013 70 min<\/p>\n\n\n\n<p class=\"wp-block-paragraph\">11.00 \u2013 Le\u015bny Klub Ksi\u0105\u017cki (start spod pla\u017cy ul. S\u0142oneczna) (W)<\/p>\n\n\n\n<p class=\"wp-block-paragraph\">11.00 \u2013 Przegl\u0105d kina ira\u0144skiego: \u201e<a href=\"https:\/\/www.filmweb.pl\/film\/Ziemia+naszych+braci-2024-10046995\" data-type=\"link\" data-id=\"https:\/\/www.filmweb.pl\/film\/Ziemia+naszych+braci-2024-10046995\">Ziemia naszych braci<\/a>\u201d \u2013 (Kino Morena) (B) \u2013 95 min<\/p>\n\n\n\n<p class=\"wp-block-paragraph\">13.00 \u2013 Bli\u017cej natury: \u201ePaul Robien. Aposto\u0142 Przyrody\u201d (Kino Morena) (B). <em>Po projekcji spotkanie z re\u017cyserem filmu Markiem Osajd\u0105<\/em> \u2013 61 min<\/p>\n\n\n\n<p class=\"wp-block-paragraph\">13.00 \u2013 KSI\u0118GARNIA W O.MEDZE: Spotkanie autorskie z Jagod\u0105 Grondeck\u0105, autork\u0105 ksi\u0105\u017cki \u201eEmirat to my. Jak talibowie odbijali Afganistan\u201d. Prowadzenie Jarek Rochowicz. (Galeria O.Mega) (D)<\/p>\n\n\n\n<p class=\"wp-block-paragraph\">16.00 &#8211; Dokumenty \u015bwiata \u2013 obrazy wsp\u00f3\u0142czesno\u015bci: \u201e<a href=\"https:\/\/filmpolski.pl\/fp\/index.php?film=1274556\" data-type=\"link\" data-id=\"https:\/\/filmpolski.pl\/fp\/index.php?film=1274556\">Kroki w ciszy<\/a>\u201d. <em>Po projekcji spotkanie z producentami filmu Maciejem Drygasem i Vit\u0105 \u017belakeviciute <\/em>(Kino Morena) (B) \u2013 72 min<\/p>\n\n\n\n<p class=\"wp-block-paragraph\">16.00 \u2013 Dokumenty \u015bwiata \u2013 obrazy wsp\u00f3\u0142czesno\u015bci: \u201e<a href=\"https:\/\/filmpolski.pl\/fp\/index.php?film=1273664\" data-type=\"link\" data-id=\"https:\/\/filmpolski.pl\/fp\/index.php?film=1273664\">Kino Muran\u00f3w<\/a>\u201d (Jaskinia Zapomnianych Sn\u00f3w) (B) \u2013 58 min<\/p>\n\n\n\n<p class=\"wp-block-paragraph\">19.30 \u2013 Przegl\u0105d kina ira\u0144skiego: \u201e<a href=\"https:\/\/www.filmweb.pl\/film\/Ziemia+naszych+braci-2024-10046995\" data-type=\"link\" data-id=\"https:\/\/www.filmweb.pl\/film\/Ziemia+naszych+braci-2024-10046995\">Ziemia naszych braci<\/a>\u201d (Kino Morena) (B) \u2013 95 min<\/p>\n\n\n\n<p class=\"wp-block-paragraph\">19.30 \u2013 Sezon 2025\/2026: \u201e<a href=\"https:\/\/www.filmweb.pl\/film\/Milcz%C4%85ca+przyjaci%C3%B3%C5%82ka-2025-10089999\" data-type=\"link\" data-id=\"https:\/\/www.filmweb.pl\/film\/Milcz%C4%85ca+przyjaci%C3%B3%C5%82ka-2025-10089999\">Milcz\u0105ca przyjaci\u00f3\u0142ka<\/a>\u201d (Jaskinia Zapomnianych Sn\u00f3w) (B) \u2013 147 min<\/p>\n\n\n\n<p class=\"wp-block-paragraph\">21.30 \u2013 Ognisko \u2013 OGNIEM I BLACH\u0104 vol. 3 (Promenada przy hangarze nurk\u00f3w) (B)<\/p>\n\n\n\n<h2 class=\"wp-block-heading\"><strong>11 sierpnia (wtorek)<\/strong><\/h2>\n\n\n\n<p class=\"wp-block-paragraph\">9.00 \u2013 Bajki dla dzieci: \u201e<a href=\"https:\/\/www.filmweb.pl\/film\/Niesamowita+historia+Mumbo+Jumbo-2026-10110135\" data-type=\"link\" data-id=\"https:\/\/www.filmweb.pl\/film\/Niesamowita+historia+Mumbo+Jumbo-2026-10110135\">Niesamowita historia Mumbo Jumbo<\/a>\u201d (Kino Morena) (D) \u2013 82 min<\/p>\n\n\n\n<p class=\"wp-block-paragraph\">11.00 \u2013 \u201eJak to si\u0119 wszystko \u0142\u0105czy? Jak kochaj\u0105 si\u0119 sowy?\u201d \u2013 spotkanie z przyrodnikiem Jackiem Karczewskim (spotkanie przed kinem Morena) (D)<\/p>\n\n\n\n<p class=\"wp-block-paragraph\">11.00 \u2013 Nowe kino polskie: \u201e<a href=\"https:\/\/filmpolski.pl\/fp\/index.php?film=1272921\" data-type=\"link\" data-id=\"https:\/\/filmpolski.pl\/fp\/index.php?film=1272921\">Bez ko\u0144ca<\/a>\u201d (Kino Morena) (B) \u2013 105 min<\/p>\n\n\n\n<p class=\"wp-block-paragraph\">13.00 \u2013 Nowe kino polskie: &#8222;<a href=\"https:\/\/filmpolski.pl\/fp\/index.php?film=1274980\" data-type=\"link\" data-id=\"https:\/\/filmpolski.pl\/fp\/index.php?film=1274980\">Arek. Mama. Panorama<\/a>&#8222;. <em>Po projekcji spotkanie z re\u017cyserem filmu Miko\u0142ajem Janikiem oraz bohaterem filmu Arkiem Paso\u017cytem <\/em>(Kino Morena) (B) \u2013 66 min<\/p>\n\n\n\n<p class=\"wp-block-paragraph\">13.00 \u2013 POMERANIKA: \u201eGara\u017c twoim schronem\u201d. Spotkanie ze Zdzis\u0142awem \u201eDzidkiem\u201d Jodko. Prowadzenie Rados\u0142aw Skrycki. (Galeria O.Mega) (D)<\/p>\n\n\n\n<p class=\"wp-block-paragraph\">16.00 \u2013 Nowe kino polskie: \u201e<a href=\"https:\/\/filmpolski.pl\/fp\/index.php?film=1272921\" data-type=\"link\" data-id=\"https:\/\/filmpolski.pl\/fp\/index.php?film=1272921\">Bez ko\u0144ca<\/a>\u201d (Kino Morena). <em>Po projekcji spotkanie z re\u017cyserem filmu Micha\u0142em Marczakiem<\/em> (B) \u2013 105 min<\/p>\n\n\n\n<p class=\"wp-block-paragraph\">16.00 \u2013 Dokumenty \u015bwiata \u2013 obrazy wsp\u00f3\u0142czesno\u015bci: &#8222;<a href=\"https:\/\/www.filmweb.pl\/film\/Sny+o+s%C5%82oniach-2025-10091067\" data-type=\"link\" data-id=\"https:\/\/www.filmweb.pl\/film\/Sny+o+s%C5%82oniach-2025-10091067\">Sny o s\u0142oniach<\/a>&#8221; (Jaskinia Zapomnianych Sn\u00f3w) (B) \u2013 98 min<\/p>\n\n\n\n<p class=\"wp-block-paragraph\">19.15 \u2013 \u201eAndrzej Wajda \u2013 r\u00f3bmy zdj\u0119cie!\u201d. Wspomnienie o Andrzeju Wajdzie. Go\u015bcie specjalni: Maciej Cuske i Jerzy Fedorowicz (Kino Morena) (B)<\/p>\n\n\n\n<p class=\"wp-block-paragraph\">19.15 \u2013 Przegl\u0105d kina ira\u0144skiego: \u201e<a href=\"https:\/\/www.filmweb.pl\/film\/Nied%C5%BAwiedzie+nie+istniej%C4%85-2022-10016727\" data-type=\"link\" data-id=\"https:\/\/www.filmweb.pl\/film\/Nied%C5%BAwiedzie+nie+istniej%C4%85-2022-10016727\">Nied\u017awiedzie nie istniej\u0105<\/a>\u201d (Jaskinia Zapomnianych Sn\u00f3w) (B) \u2013 106 min<\/p>\n\n\n\n<p class=\"wp-block-paragraph\">21.00 \u2013 <strong>KONCERT \u2013 FAT ANGELS<\/strong> (Scena przed kinem Morena) (D)<\/p>\n\n\n\n<p class=\"wp-block-paragraph\">21.00 \u2013 Po napisach. Klub festiwalowy (Galeria O.Mega) (D) <\/p>\n\n\n\n<h2 class=\"wp-block-heading\"><strong>12 sierpnia (\u015broda)<\/strong><\/h2>\n\n\n\n<p class=\"wp-block-paragraph\">09:00 \u2013 Bajki dla dzieci: \u201e<a href=\"https:\/\/www.filmweb.pl\/film\/Noc+w+zoo-2024-10050095\" data-type=\"link\" data-id=\"https:\/\/www.filmweb.pl\/film\/Noc+w+zoo-2024-10050095\">Noc w Zoo<\/a>\u201d (Kino Morena) (D) \u2013 98 min<\/p>\n\n\n\n<p class=\"wp-block-paragraph\">10.30 \u2013 \u201eLiliowe mozaiki\u201d. Wycieczka do Drawska Pomorskiego (wyjazd sprzed kina Morena) (W)<\/p>\n\n\n\n<p class=\"wp-block-paragraph\">11.00 \u2013 Wok\u00f3\u0142 Ba\u0142tyku \u2013 KONKURS FILMOWY &#8211; \u201eReplace\u201d, \u201e<a href=\"\/53\/wycieczka\/\" data-type=\"link\" data-id=\"\/53\/wycieczka\/\">Wycieczka<\/a>\u201d, \u201e<a href=\"\/53\/kanth\/\" data-type=\"link\" data-id=\"\/53\/kanth\/\">Kanth<\/a>\u201d, \u201eS\u0142ony\u201d, \u201e<a href=\"\/53\/wyruszamy-w-podroz\/\" data-type=\"link\" data-id=\"\/53\/wyruszamy-w-podroz\/\">Wyruszamy w podr\u00f3\u017c<\/a>\u201d, \u201e <a href=\"\/53\/niekonwencjonalna-agencja-pogrzebowa\/\" data-type=\"link\" data-id=\"\/53\/niekonwencjonalna-agencja-pogrzebowa\/\">Niekonwencjonalny zak\u0142ad pogrzebowy<\/a>\u201d, \u201e<a href=\"\/53\/kly-i-pazury\/\" data-type=\"link\" data-id=\"\/53\/kly-i-pazury\/\">K\u0142y i pazury<\/a>\u201d, \u201e<a href=\"\/53\/mezczyzna-podazajacy-wlasna-droga\/\" data-type=\"link\" data-id=\"\/53\/mezczyzna-podazajacy-wlasna-droga\/\">M\u0119\u017cczyzna pod\u0105\u017caj\u0105cy w\u0142asn\u0105 drog\u0105<\/a>\u201d, \u201e<a href=\"\/53\/tam-gdzie-koncza-sie-fale\/\" data-type=\"link\" data-id=\"\/53\/tam-gdzie-koncza-sie-fale\/\">Tam, gdzie ko\u0144cz\u0105 si\u0119 fale<\/a>\u201d, \u201e<a href=\"\/53\/gross\/\" data-type=\"link\" data-id=\"\/53\/gross\/\">Gross<\/a>\u201d, \u201e<a href=\"\/53\/happily-never\/\" data-type=\"link\" data-id=\"\/53\/happily-never\/\">Happily Never<\/a>\u201d, \u201e<a href=\"\/53\/poza-linia-brzegowa\/\" data-type=\"link\" data-id=\"\/53\/poza-linia-brzegowa\/\">Po za lini\u0105 brzegow\u0105<\/a>\u201d (Kino Morena) (B)<\/p>\n\n\n\n<p class=\"wp-block-paragraph\">13.30 \u2013 Nowe kino polskie: \u201e<a href=\"https:\/\/filmpolski.pl\/fp\/index.php?film=1274226\" data-type=\"link\" data-id=\"https:\/\/filmpolski.pl\/fp\/index.php?film=1274226\">Ojczyzna<\/a>\u201d (Kino Morena) (B) \u2013 82 min<\/p>\n\n\n\n<p class=\"wp-block-paragraph\">13.30 \u2013 POMERANIKA: Jak zdobywali\u015bmy Pomorze. Mroczne historie z \u201eziem odzyskanych\u201d. Spotkanie autorskie z Cezarym \u0141azarewiczem. Prowadzenie: Kasia Rembacka (Galeria O.Mega) (D)<\/p>\n\n\n\n<p class=\"wp-block-paragraph\">16.00 \u2013 Nowe kino polskie: \u201e<a href=\"https:\/\/filmpolski.pl\/fp\/index.php?film=1274226\" data-type=\"link\" data-id=\"https:\/\/filmpolski.pl\/fp\/index.php?film=1274226\">Ojczyzna<\/a>\u201d (Kino Morena). <em>Po projekcji spotkanie z operatorem \u0141ukaszem \u017balem <\/em>(B) \u2013 82 min<\/p>\n\n\n\n<p class=\"wp-block-paragraph\">16.00 \u2013 Przegl\u0105d kina ira\u0144skiego: \u201e<a href=\"https:\/\/www.filmweb.pl\/film\/Z%C5%82o+nie+istnieje-2020-848370\" data-type=\"link\" data-id=\"https:\/\/www.filmweb.pl\/film\/Z%C5%82o+nie+istnieje-2020-848370\">Z\u0142o nie istnieje<\/a>\u201d (Jaskinia Zapomnianych Sn\u00f3w) (B) \u2013 150 min<\/p>\n\n\n\n<p class=\"wp-block-paragraph\">19.15 \u2013 <strong>ZA\u0106MIENIE S\u0141O\u0143CA \u2013 koncert BURZANY<\/strong> (przy i\u0144skiej wie\u017cy widokowej) (D)<\/p>\n\n\n\n<p class=\"wp-block-paragraph\">20.30 \u2013 Pokaz przedpremierowy: \u201e<a href=\"https:\/\/www.filmweb.pl\/film\/Homo+sapiens-2025-10110656\" data-type=\"link\" data-id=\"https:\/\/www.filmweb.pl\/film\/Homo+sapiens-2025-10110656\">Homo sapiens?<\/a>\u201d (Kino Morena) (B) \u2013 98 min<\/p>\n\n\n\n<p class=\"wp-block-paragraph\">20.30 \u2013 Sezon 2025\/2026: \u201e<a href=\"https:\/\/www.filmweb.pl\/film\/G%C5%82os+Hind+Rajab-2025-10089995\" data-type=\"link\" data-id=\"https:\/\/www.filmweb.pl\/film\/G%C5%82os+Hind+Rajab-2025-10089995\">G\u0142os Hind Rajab<\/a>\u201d (Jaskinia Zapomnianych Sn\u00f3w) (B) \u2013 89 min<\/p>\n\n\n\n<p class=\"wp-block-paragraph\">21.00 \u2013 <strong>PO ZA\u0106MIENIU \u2013 pokaz filmu i impreza teledyskowa <\/strong>(Galeria O.Mega) (D)<\/p>\n\n\n\n<p class=\"wp-block-paragraph\">22.00 &#8211; Wydarzenie towarzysz\u0105ce: <strong> <\/strong>Koncert TUSZ (Stodo\u0142a Sztuk Wszelakich) (D) <\/p>\n\n\n\n<h2 class=\"wp-block-heading\"><strong>13 sierpnia (czwartek)<\/strong><\/h2>\n\n\n\n<p class=\"wp-block-paragraph\">09.00 \u2013 WARSZTATY PLECIONKARSKIE DLA DZIECI (Kino Morena) (D)<\/p>\n\n\n\n<p class=\"wp-block-paragraph\">10.30 \u2013 Mchy i porosty. Spacer z botanikiem Micha\u0142em Smoczykiem (start z pla\u017cy przy ul. S\u0142onecznej) (W)<\/p>\n\n\n\n<p class=\"wp-block-paragraph\">10.30 \u2013 Pokaz przedpremierowy: \u201e<a href=\"https:\/\/www.filmweb.pl\/film\/Historie+r%C3%B3wnoleg%C5%82e-2026-10079944\" data-type=\"link\" data-id=\"https:\/\/www.filmweb.pl\/film\/Historie+r%C3%B3wnoleg%C5%82e-2026-10079944\">Historie r\u00f3wnoleg\u0142e<\/a>\u201d (Kino Morena) (B) \u2013 139 min<\/p>\n\n\n\n<p class=\"wp-block-paragraph\">13.15 \u2013 Nowe kino polskie: \u201e<a href=\"https:\/\/filmpolski.pl\/fp\/index.php?film=1273569\" data-type=\"link\" data-id=\"https:\/\/filmpolski.pl\/fp\/index.php?film=1273569\">Wojna o sztuk\u0119<\/a>\u201d. <em>Po projekcji spotkanie z re\u017cyserem filmu Andrzejem Mi\u0119kusem <\/em>(Kino Morena) (B) \u2013 78 min<\/p>\n\n\n\n<p class=\"wp-block-paragraph\">13.15 \u2013 POMERANIKA: Przestrze\u0144 bliska. Spotkanie autorskie z Tomkiem Chorob\u0105 i Erykiem Krasuckim. (Galeria O.Mega) (D)<\/p>\n\n\n\n<p class=\"wp-block-paragraph\">16.00 \u2013 Nowe kino polskie: \u201e<a href=\"https:\/\/filmpolski.pl\/fp\/index.php?film=1270567\" data-type=\"link\" data-id=\"https:\/\/filmpolski.pl\/fp\/index.php?film=1270567\">Kumotry<\/a>\u201d. <em>Po projekcji spotkanie z re\u017cyserk\u0105 Emili\u0105 \u015aniegosk\u0105 <\/em>(Kino Morena) (B) \u2013 70 min<\/p>\n\n\n\n<p class=\"wp-block-paragraph\">16.00 \u2013 Przegl\u0105d kina ira\u0144skiego: \u201e<a href=\"https:\/\/www.filmweb.pl\/film\/Czytaj%C4%85c+Lolit%C4%99+w+Teheranie-2024-10062776\" data-type=\"link\" data-id=\"https:\/\/www.filmweb.pl\/film\/Czytaj%C4%85c+Lolit%C4%99+w+Teheranie-2024-10062776\">Czytaj\u0105c Lolit\u0119 w Teheranie<\/a>\u201d (Jaskinia Zapomnianych Sn\u00f3w) (B) \u2013 107 min<\/p>\n\n\n\n<p class=\"wp-block-paragraph\">19.00 \u2013 Pokaz przedpremierowy: \u201e<a href=\"https:\/\/www.filmweb.pl\/film\/Gorzkie+%C5%9Bwi%C4%99ta-2026-10085499\">Gorzkie \u015bwi\u0119ta<\/a>\u201d (Kino Morena) (B) \u2013 111 min<\/p>\n\n\n\n<p class=\"wp-block-paragraph\">19.00 \u2013 Sezon 2025\/2026: \u201e<a href=\"https:\/\/www.filmweb.pl\/film\/Dmuchawce-2025-10069537\" data-type=\"link\" data-id=\"https:\/\/www.filmweb.pl\/film\/Dmuchawce-2025-10069537\">Dmuchawce<\/a>\u201d (Jaskinia Zapomnianych Sn\u00f3w) (B) \u2013 76 min<\/p>\n\n\n\n<p class=\"wp-block-paragraph\">21.00 \u2013 KONCERT: JOANNA EWA Z DRZEWA &amp; BOJKOT (Scena przed kinem Morena) (D)<\/p>\n\n\n\n<p class=\"wp-block-paragraph\">21.00 \u2013 Po napisach. Klub festiwalowy (Galeria O.Mega) (D) <\/p>\n\n\n\n<h2 class=\"wp-block-heading\"><strong>14 sierpnia (pi\u0105tek)<\/strong><\/h2>\n\n\n\n<p class=\"wp-block-paragraph\">9.00 \u2013 WARSZTATY DLA DZIECI: Ania Moj\u017cyszek \u201eZmys\u0142owy \u015bwiat owad\u00f3w\u201d (plac pod kinem Morena) (D)<\/p>\n\n\n\n<p class=\"wp-block-paragraph\">11.00 \u2013 Ceremonia herbaciana z Piotrem Moj\u017cyszkiem (start na pla\u017cy przy ulicy S\u0142onecznej) (W)<\/p>\n\n\n\n<p class=\"wp-block-paragraph\">11.00 \u2013 Przegl\u0105d kina ira\u0144skiego: &#8222;Przed oczami&#8221;, &#8222;Historia czarno-bia\u0142a&#8221;, &#8222;Sen trzeci&#8221;, &#8222;Podr\u00f3\u017cniczy&#8221;, &#8222;Audiolysis&#8221;, &#8222;Again&#8221;, &#8222;Dochar&#8221;, &#8222;Zjadacz odpad\u00f3w&#8221;, &#8222;Insomnia&#8221; (Kino Morena) (B) \u2013 102 min<\/p>\n\n\n\n<p class=\"wp-block-paragraph\">13.00 \u2013 Filmoterapia: \u201e<a href=\"https:\/\/www.filmweb.pl\/film\/Wysokie+i+niskie+tony-2024-10051655\" data-type=\"link\" data-id=\"https:\/\/www.filmweb.pl\/film\/Wysokie+i+niskie+tony-2024-10051655\">Wysokie i niskie tony<\/a>\u201d<em> <\/em>(Kino Morena) (B) \u2013 123 min. <em>Po projekcji spotkanie terapeutyczne z udzia\u0142em psycholo\u017cki Joanny Flis w Galerii O.Mega <\/em><\/p>\n\n\n\n<p class=\"wp-block-paragraph\">13.00 \u2013 KSI\u0118GARNIA W O.MEDZE: Spotkanie z Danielem Petryczkiewiczem, autorem ksi\u0105\u017cki \u201eMa\u0142a historia znikania. Opowie\u015b\u0107 o rzece\u201d. Prowadzenie: Krzysztof Story (Galeria O.Mega) (D)<\/p>\n\n\n\n<p class=\"wp-block-paragraph\">16.00 \u2013 Nowe kino polskie: \u201e<a href=\"https:\/\/filmpolski.pl\/fp\/index.php?film=1274473\" data-type=\"link\" data-id=\"https:\/\/filmpolski.pl\/fp\/index.php?film=1274473\">Spiritus Sanctus<\/a>\u201d, \u201e<a href=\"https:\/\/filmpolski.pl\/fp\/index.php?film=1274576\" data-type=\"link\" data-id=\"https:\/\/filmpolski.pl\/fp\/index.php?film=1274576\">Duchy<\/a>\u201d, \u201e<a href=\"https:\/\/filmpolski.pl\/fp\/index.php?film=1274697\" data-type=\"link\" data-id=\"https:\/\/filmpolski.pl\/fp\/index.php?film=1274697\">Pie\u015b\u0144 o nocy<\/a>\u201d, &#8222;<a href=\"https:\/\/filmpolski.pl\/fp\/index.php?film=1270641\" data-type=\"link\" data-id=\"https:\/\/filmpolski.pl\/fp\/index.php?film=1270641\">Soap Opera<\/a>&#8222;, \u201e<a href=\"https:\/\/filmpolski.pl\/fp\/index.php?film=1267982\" data-type=\"link\" data-id=\"https:\/\/filmpolski.pl\/fp\/index.php?film=1267982\">Kr\u00f3tki film o wojnie<\/a>\u201d.<em> Po projekcji spotkanie z tw\u00f3rcami film\u00f3w &#8211; Nadinem Suleimanem, Oskarem Sadowskim i Zosi\u0105 Po\u0142aniewicz <\/em>(Kino Morena) (B) \u2013 105 min<\/p>\n\n\n\n<p class=\"wp-block-paragraph\">16.00 \u2013 Przegl\u0105d kina ira\u0144skiego: \u201e<a href=\"https:\/\/www.filmweb.pl\/film\/Lis+i+r%C3%B3%C5%BCowy+ksi%C4%99%C5%BCyc-2025-10118815\" data-type=\"link\" data-id=\"https:\/\/www.filmweb.pl\/film\/Lis+i+r%C3%B3%C5%BCowy+ksi%C4%99%C5%BCyc-2025-10118815\">Lis i r\u00f3\u017cowy ksi\u0119\u017cyc<\/a>\u201d (Jaskinia Zapomnianych Sn\u00f3w) (B) \u2013 76 min<\/p>\n\n\n\n<p class=\"wp-block-paragraph\">19.00 \u2013 Sezon 2025\/2026: \u201e<a href=\"https:\/\/www.filmweb.pl\/film\/O+czym+sobie+nie+m%C3%B3wimy-2026-10114137\" data-type=\"link\" data-id=\"https:\/\/www.filmweb.pl\/film\/O+czym+sobie+nie+m%C3%B3wimy-2026-10114137\">O czym sobie nie m\u00f3wimy<\/a>\u201d (Kino Morena) (B) \u2013 114 min<\/p>\n\n\n\n<p class=\"wp-block-paragraph\">19.00 \u2013 Gy\u00f6rgy P\u00e1lfi: \u201e<a href=\"https:\/\/www.filmweb.pl\/film\/G%C5%82os+Pana-2018-785868\" data-type=\"link\" data-id=\"https:\/\/www.filmweb.pl\/film\/G%C5%82os+Pana-2018-785868\">G\u0142os Pana<\/a>\u201d (Jaskinia Zapomnianych Sn\u00f3w) (B) \u2013 108 min<\/p>\n\n\n\n<p class=\"wp-block-paragraph\">21.00 \u2013 TRYPTYK LUDO\u017bERCZY: projekcja filmu \u201eSceny z \u017cycia Ludojada\u201d (Galeria O.Mega) (B)<\/p>\n\n\n\n<p class=\"wp-block-paragraph\">21.15 \u2013 Kino w plenerze \u2013 Zbigniew Zamachowski na ILF: \u201e<a href=\"https:\/\/filmpolski.pl\/fp\/index.php?film=121015\" data-type=\"link\" data-id=\"https:\/\/filmpolski.pl\/fp\/index.php?film=121015\">Wielka maj\u00f3wka<\/a>\u201d (Gospodarstwo Rybackie) (D) \u2013 86 min<\/p>\n\n\n\n<p class=\"wp-block-paragraph\">22.00 \u2013 TRYPTYK LUDO\u017bERCZY: LUDOJAD \u2013 KONCERT (Galeria O.Mega) (B)<\/p>\n\n\n\n<p class=\"wp-block-paragraph\">23.30 \u2013 TRYPTYK LUDO\u017bERCZY: DJ P\u0118DZIWIATR (Galeria O.Mega) (B)<\/p>\n\n\n\n<h2 class=\"wp-block-heading\"><strong>15 sierpnia (sobota)<\/strong><\/h2>\n\n\n\n<p class=\"wp-block-paragraph\">9.00 \u2013 WARSZTATY DLA DZIECI: Ania Moj\u017cyszek \u201eZ brzuchonogami w te p\u0119dy\u201d (plac pod kinem Morena) (D)<\/p>\n\n\n\n<p class=\"wp-block-paragraph\">10.30 \u2013 Pokaz przedpremierowy: \u201e<a href=\"https:\/\/www.filmweb.pl\/film\/Minotaure-2026-10076774\" data-type=\"link\" data-id=\"https:\/\/www.filmweb.pl\/film\/Minotaure-2026-10076774\">Minotaur<\/a>\u201d (Kino Morena) (B) \u2013 135 min<\/p>\n\n\n\n<p class=\"wp-block-paragraph\">11.30 \u2013 Piotr Sudo\u0142 &#8222;Ostatnia podr\u00f3\u017c Arka Ziemby&#8221;. Wst\u0119p: Piotr Sudo\u0142 (Galeria O.Mega) (D)<\/p>\n\n\n\n<p class=\"wp-block-paragraph\">13.00 \u2013 Spotkanie ze Zbigniewem Zamachowskim \u2013 Od \u201eWielkiej Maj\u00f3wki\u201d po \u201eZamach na Papie\u017ca\u201d (Kino Morena) (K)<\/p>\n\n\n\n<p class=\"wp-block-paragraph\">13.00 \u2013 KSI\u0118GARNIA W O.MEDZE: Spotkanie z Mart\u0105 Tomczok, autork\u0105 ksi\u0105\u017cki \u201eBlizny\u201d. Prowadzenie: Krzysztof Story (Galeria O.Mega) (D)<\/p>\n\n\n\n<p class=\"wp-block-paragraph\">16.00 \u2013 Nowe kino polskie: &#8222;<a href=\"https:\/\/filmpolski.pl\/fp\/index.php?film=1275090\" data-type=\"link\" data-id=\"https:\/\/filmpolski.pl\/fp\/index.php?film=1275090\">Nurt<\/a>\u201d (Jaskinia Zapomnianych Sn\u00f3w) (B) \u2013 73 min<\/p>\n\n\n\n<p class=\"wp-block-paragraph\">16.00 \u2013 Nowe kino polskie: \u201e<a href=\"https:\/\/filmpolski.pl\/fp\/index.php?film=1264780\" data-type=\"link\" data-id=\"https:\/\/filmpolski.pl\/fp\/index.php?film=1264780\">B\u0142azny<\/a>\u201d (Kino Morena) (B) \u2013 75 min<\/p>\n\n\n\n<p class=\"wp-block-paragraph\">17.30 \u2013 Spotkanie z Gabriel\u0105 Muska\u0142\u0105 i Zbigniewem Zamachowskim (Gospodarstwo Rybackie) (D)<\/p>\n\n\n\n<p class=\"wp-block-paragraph\">19.30 \u2013 ZAKO\u0143CZENIE FESTIWALU: &#8222;<a href=\"https:\/\/www.filmweb.pl\/film\/Pie%C5%9Bni+lasu-2025-10111381\" data-type=\"link\" data-id=\"https:\/\/www.filmweb.pl\/film\/Pie%C5%9Bni+lasu-2025-10111381\">Pie\u015bni lasu<\/a>&#8222;<strong> <\/strong>(Kino Morena) (K) &#8211; 93 min.<\/p>\n\n\n\n<p class=\"wp-block-paragraph\">21.00 \u2013 Po napisach. Klub festiwalowy &#8211; Muzyczne zako\u0144czenie I\u0144skiego Lata Filmowego &#8211; DJ&#8217;S MAURYK &amp; PETRO (Galeria O.Mega) (D)<\/p>\n\n\n\n<h2 class=\"wp-block-heading\"><strong>16 sierpnia (niedziela)<\/strong><\/h2>\n\n\n\n<p class=\"wp-block-paragraph\">10.30 \u2013 Projekcja filmu nagrodzonego Z\u0142ot\u0105 Rybk\u0105 (Kino Morena) (B)<\/p>\n\n\n\n<p class=\"wp-block-paragraph\">13.00 &#8211; Nowe kino polskie: &#8222;<a href=\"https:\/\/filmpolski.pl\/fp\/index.php?film=1239487\" data-type=\"link\" data-id=\"https:\/\/filmpolski.pl\/fp\/index.php?film=1239487\">LAS<\/a>&#8221; (Kino Morena)(B) &#8211; 95 min. <em>Po projekcji spotkanie z re\u017cyserk\u0105 Joann\u0105 Zastr\u00f3\u017cn\u0105.<\/em><\/p>\n\n\n\n<p class=\"wp-block-paragraph\">15.30 &#8211; Urodziny Budynia vol. 5 \u2013 KONCERTY: \u201eNa g\u00f3rze\u201d, \u201eYellow Snow\u201d, Piotr \u201eJaszczur\u201d \u015aniegu\u0142a, &#8222;D\u017camani&#8221; (Scena przed kinem Morena) (D)<\/p>\n\n\n\n<p class=\"wp-block-paragraph\">21.00 &#8211; Urodziny Budynia vol. 5 &#8211; OGNISKO (I\u0144ska Izba Pami\u0119ci)<\/p>\n\n\n\n<p class=\"wp-block-paragraph\"><\/p>\n\n\n\n<p class=\"wp-block-paragraph\"><\/p>\n\n\n\n<p class=\"wp-block-paragraph\"><\/p>\n\n\n\n<p class=\"wp-block-paragraph\"><\/p>\n\n\n\n<p class=\"wp-block-paragraph\"><\/p>\n\n\n\n<p class=\"wp-block-paragraph\"><\/p>\n\n\n\n<p class=\"wp-block-paragraph\"><\/p>\n\n\n\n<p class=\"wp-block-paragraph\"><\/p>\n\n\n\n<p class=\"wp-block-paragraph\"><\/p>\n\n\n\n<p class=\"wp-block-paragraph\"><\/p>\n\n\n\n<p class=\"wp-block-paragraph\"><\/p>\n\n\n\n<p class=\"wp-block-paragraph\"><\/p>\n\n\n\n<p class=\"wp-block-paragraph\"><\/p>\n\n\n\n<p class=\"wp-block-paragraph\"><\/p>\n\n\n\n<p class=\"wp-block-paragraph\"><\/p>\n\n\n\n<p class=\"wp-block-paragraph\"><\/p>\n\n\n\n<p class=\"wp-block-paragraph\"><\/p>\n\n\n\n<p class=\"wp-block-paragraph\">Legenda:<br>(B) \u2013 bilety 25 z\u0142<br>(S) &#8211; bilety 50 z\u0142<br>(D) \u2013 bezp\u0142atne<br>(K) \u2013 tylko karnety<br>(W) &#8211; wydarzenie na zapisy z pierwsze\u0144stwem os\u00f3b z karnetami<\/p>\n\n\n\n<p class=\"wp-block-paragraph\"><\/p>\n\n\n\n<div style=\"max-width: 700px; margin: 30px auto; padding: 14px 20px; background: #FFF8E7; border-left: 4px solid #C9A227; border-radius: 4px; text-align: center;\">\n    <strong style=\"color: #6B5A1F; font-size: 16px; letter-spacing: 0.3px;\">Organizatorzy zastrzegaj\u0105 sobie zmiany w programie<\/strong>\n<\/div>\n\n\n\n<p class=\"wp-block-paragraph\"><\/p>\n","protected":false},"excerpt":{"rendered":"<p>Organizatorzy zastrzegaj\u0105 sobie zmiany w programie Widok w formie listy Widok na osi czasu 7 sierpnia (pi\u0105tek) 18.30 \u2013 INAUGURACJA FESTIWALU: \u201eKandydaci \u015bmierci\u201d . Projekcja filmu z udzia\u0142em re\u017cysera Macieja Cuske i bohater\u00f3w filmu (Kino Morena) (K). Po spotkaniu otwarcie wystawy Krzysztofa Gawronkiewicza \u201eDroga do I\u0144ska\u201d oraz impreza taneczna z DJ Miko\u0142ajem RejVem (Galeria O.Mega)&hellip; <br \/> <a class=\"read-more\" href=\"https:\/\/ilf.org.pl\/53\/program-festiwalu-kalendarz-projekcji-i-wydarzen\/\">Dowiedz si\u0119 wi\u0119cej<\/a><\/p>\n","protected":false},"author":1,"featured_media":0,"parent":0,"menu_order":0,"comment_status":"closed","ping_status":"closed","template":"","meta":{"footnotes":""},"class_list":["post-127","page","type-page","status-publish","hentry"],"_links":{"self":[{"href":"https:\/\/ilf.org.pl\/53\/wp-json\/wp\/v2\/pages\/127","targetHints":{"allow":["GET"]}}],"collection":[{"href":"https:\/\/ilf.org.pl\/53\/wp-json\/wp\/v2\/pages"}],"about":[{"href":"https:\/\/ilf.org.pl\/53\/wp-json\/wp\/v2\/types\/page"}],"author":[{"embeddable":true,"href":"https:\/\/ilf.org.pl\/53\/wp-json\/wp\/v2\/users\/1"}],"replies":[{"embeddable":true,"href":"https:\/\/ilf.org.pl\/53\/wp-json\/wp\/v2\/comments?post=127"}],"version-history":[{"count":112,"href":"https:\/\/ilf.org.pl\/53\/wp-json\/wp\/v2\/pages\/127\/revisions"}],"predecessor-version":[{"id":412,"href":"https:\/\/ilf.org.pl\/53\/wp-json\/wp\/v2\/pages\/127\/revisions\/412"}],"wp:attachment":[{"href":"https:\/\/ilf.org.pl\/53\/wp-json\/wp\/v2\/media?parent=127"}],"curies":[{"name":"wp","href":"https:\/\/api.w.org\/{rel}","templated":true}]}}